{"id":1611,"date":"2021-02-05T16:36:31","date_gmt":"2021-02-05T15:36:31","guid":{"rendered":"https:\/\/www.stefanoboerinteriors.com\/?post_type=astra-portfolio&#038;p=1611"},"modified":"2021-02-23T17:54:33","modified_gmt":"2021-02-23T16:54:33","slug":"lightenge","status":"publish","type":"astra-portfolio","link":"https:\/\/www.stefanoboerinteriors.com\/it\/project\/lightenge\/","title":{"rendered":"Lightenge"},"content":{"rendered":"\t\t<div data-elementor-type=\"wp-post\" data-elementor-id=\"1611\" class=\"elementor elementor-1611 elementor-802\">\n\t\t\t\t\t\t<div class=\"elementor-inner\">\n\t\t\t\t<div class=\"elementor-section-wrap\">\n\t\t\t\t\t\t\t\t\t<section class=\"elementor-section elementor-top-section elementor-element elementor-element-2662d4e7 elementor-section-full_width elementor-section-height-full elementor-section-items-bottom elementor-section-height-default\" data-id=\"2662d4e7\" data-element_type=\"section\" data-settings=\"{&quot;background_background&quot;:&quot;video&quot;,&quot;background_video_link&quot;:&quot;https:\\\/\\\/www.stefanoboerinteriors.com\\\/wp-content\\\/uploads\\\/2020\\\/11\\\/sbi-projects-lighthenge-header.mp4&quot;,&quot;background_play_on_mobile&quot;:&quot;yes&quot;}\">\n\t\t\t\t\t\t\t\t<div class=\"elementor-background-video-container\">\n\t\t\t\t\t\t\t\t\t\t\t\t\t<video class=\"elementor-background-video-hosted elementor-html5-video\" autoplay muted playsinline loop><\/video>\n\t\t\t\t\t\t\t\t\t\t\t<\/div>\n\t\t\t\t\t\t\t\t<div class=\"elementor-container elementor-column-gap-default\">\n\t\t\t\t\t\t\t<div class=\"elementor-row\">\n\t\t\t\t\t<div class=\"elementor-column elementor-col-100 elementor-top-column elementor-element elementor-element-7b3d760b\" data-id=\"7b3d760b\" data-element_type=\"column\">\n\t\t\t<div class=\"elementor-column-wrap elementor-element-populated\">\n\t\t\t\t\t\t\t<div class=\"elementor-widget-wrap\">\n\t\t\t\t\t\t<div class=\"elementor-element elementor-element-71c899e1 elementor-widget elementor-widget-page-title\" data-id=\"71c899e1\" data-element_type=\"widget\" data-widget_type=\"page-title.default\">\n\t\t\t\t<div class=\"elementor-widget-container\">\n\t\t\t\t\t\n\t\t<div class=\"hfe-page-title hfe-page-title-wrapper elementor-widget-heading\">\n\n\t\t\t\t\t\t\t\t<h1 class=\"elementor-heading-title elementor-size-default\">\n\t\t\t\t\t\t\t\t\n\t\t\t\tLightenge  \n\t\t\t<\/h1 > \n\t\t\t\t\t<\/div>\n\t\t\t\t<\/div>\n\t\t\t\t<\/div>\n\t\t\t\t\t\t<\/div>\n\t\t\t\t\t<\/div>\n\t\t<\/div>\n\t\t\t\t\t\t\t\t<\/div>\n\t\t\t\t\t<\/div>\n\t\t<\/section>\n\t\t\t\t<section class=\"elementor-section elementor-top-section elementor-element elementor-element-4f2b6214 elementor-section-full_width elementor-section-height-default elementor-section-height-default\" data-id=\"4f2b6214\" data-element_type=\"section\">\n\t\t\t\t\t\t<div class=\"elementor-container elementor-column-gap-default\">\n\t\t\t\t\t\t\t<div class=\"elementor-row\">\n\t\t\t\t\t<div class=\"elementor-column elementor-col-100 elementor-top-column elementor-element elementor-element-535ddcbc\" data-id=\"535ddcbc\" data-element_type=\"column\">\n\t\t\t<div class=\"elementor-column-wrap elementor-element-populated\">\n\t\t\t\t\t\t\t<div class=\"elementor-widget-wrap\">\n\t\t\t\t\t\t<div class=\"elementor-element elementor-element-49c719c elementor-widget elementor-widget-text-editor\" data-id=\"49c719c\" data-element_type=\"widget\" data-widget_type=\"text-editor.default\">\n\t\t\t\t<div class=\"elementor-widget-container\">\n\t\t\t\t\t\t\t\t<div class=\"elementor-text-editor elementor-clearfix\">\n\t\t\t\t<p>Un raggio italiano nel cielo dell\u2019energia globale. Ideata da Stefano Boeri Architetti per Edison in occasione del Salone del Mobile di Milano 2018 e allestita in piazza Gae Aulenti, Lighthenge \u00e8 un\u2019installazione urbana di luce che rende visibile, scenografica e condivisibile l\u2019idea di energia e le sue vaste implicazioni nelle culture e nelle societ\u00e0 contemporanee. Nello stesso tempo agisce come dispositivo pubblico di decongestione che permette di sostare e ricaricarsi dalla frenesia dei flussi metropolitani. Il concept del progetto scaturisce da una riflessione su coppie di principi chiave che guidano l\u2019attivit\u00e0 e la ricerca di Edison, proiettandone la mission nel futuro: Energia\/Movimento, Innovazione\/Interazione, Rispetto\/Cerchio, Cerchio\/Condivisione, Equilibrio\/Suono, Futuro\/Luce.<\/p>\t\t\t\t\t<\/div>\n\t\t\t\t\t\t<\/div>\n\t\t\t\t<\/div>\n\t\t\t\t<div class=\"elementor-element elementor-element-2487c4c2 elementor-widget elementor-widget-heading\" data-id=\"2487c4c2\" data-element_type=\"widget\" data-widget_type=\"heading.default\">\n\t\t\t\t<div class=\"elementor-widget-container\">\n\t\t\t<h4 class=\"elementor-heading-title elementor-size-default\">\u201cLIGHTHENGE \u00e8 un'installazione di luce e suono che rende scenografica e condivisa l'idea di energia urbana. Di notte la piattaforma LIGHTHENGE diventa un satellite accogliente, che proietta i suoi raggi di luce nel cielo\u201d <span class=\"autore-citazione\">Stefano Boeri<\/span><\/h4>\t\t<\/div>\n\t\t\t\t<\/div>\n\t\t\t\t<div class=\"elementor-element elementor-element-2c27a67 elementor-widget elementor-widget-text-editor\" data-id=\"2c27a67\" data-element_type=\"widget\" data-widget_type=\"text-editor.default\">\n\t\t\t\t<div class=\"elementor-widget-container\">\n\t\t\t\t\t\t\t\t<div class=\"elementor-text-editor elementor-clearfix\">\n\t\t\t\t<p>Analogamente, il progetto Lighthenge \u00e8 formato da una coppia di elementi concettualmente antagonisti: una base solida e una proiezione luminosa immateriale, a cui si aggiunge durante il giorno un confortevole sottofondo sonoro. La porzione solida dell\u2019intervento \u00e8 formata da una piattaforma circolare alta 60 cm e con un diametro di otto metri, costituita da una struttura portante di alluminio \u2012 al cui interno \u00e8 celato l\u2019impianto audio \u2012 e da una sovrastante pedana in legno rivestita da un tappetto antiscivolo in vinile. Da questa base si innalza una piccola e fitta foresta di elementi a tronco di cono in EPS resinato (alti da 40 cm a 3,5 m e slanciati in proporzione all\u2019altezza), tra i quali fermarsi, sedersi, staccare dal contesto. Sia la piattaforma, sia i coni sono rifiniti cromaticamente attraverso un intenso color blu cobalto (Pantone 294 C- Deep Cobalt Blue), che conferisce all\u2019insieme un effetto mono materico e primordiale, di forte plasticit\u00e0. La componente immateriale dell\u2019installazione prende invece corpo attraverso un\u2019inaspettata irradiazione luminosa emessa ogni sera a partire dal tramonto dall\u2019estremit\u00e0 di ciascun cono. Negli elementi bassi la luce, prodotta da fonti a fascio largo, fuoriesce in maniera contenuta e diffusa da sedute-coperchio in plastica traslucida. Il suggestivo alone visivo cos\u00ec generato pu\u00f2 richiamare quello di alcuni organismi viventi bioluminescenti: i funghi Mycena chlorophos delle isole Hachijo e Bonin, o anche (perch\u00e9 no?) le piante sviluppate da Glowing Plant, un progetto Kickstarter che insegue i paesaggi anticipati 10 anni fa dal colossal Avatar di James Cameron. Nei coni alti, viceversa, l\u2019energia emessa da apparecchi a fascio stretto si manifesta in un sottile raggio luminoso che solca il buio verso l\u2019alto, quasi a voler stabilire un contatto con civilt\u00e0 lontane, o forse con un orizzonte pi\u00f9 aperto e luminoso dell\u2019umanit\u00e0. Una soluzione di grande effetto scenografico, che pu\u00f2 anche ricordare la versione pi\u00f9 domestica e quotidiana del grande Tribute in Light che ogni 11 settembre da 16 anni segna il cielo di New York e fa vibrare le memorie dei suoi abitanti. Per armonizzare in maniera equilibrata l\u2019apporto di luce artificiale e naturale diffusa, lo speciale impianto illuminotecnico \u201ccircadiano\u201d celato nella piattaforma permette di controllare e modificare le diverse temperature di colore del fascio luminoso emesso dalle sorgenti LED (dal blu all\u2019arancio: 4.000-7.000 K\u00b0), garantendo sempre la massima resa visiva dell\u2019intervento. Un focus particolare del progetto \u00e8 stato dedicato alla collocazione dell\u2019installazione rispetto al contesto di Piazza Gae Aulenti, negli ultimi anni sempre pi\u00f9 centro nevralgico di incontro e identificazione tra i nuovi spazi di Milano. Nello specifico, analizzate anche le dinamiche e le qualit\u00e0 percettive del luogo in fasce orarie differenti, sia in condizioni di luce sia di buio, la scelta \u00e8 caduta su un posizionamento nello spazio compreso tra gli edifici UniCredit Pavillion e COIMA. Una simile localizzazione garantisce infatti nello stesso tempo: un minor impatto dell\u2019inquinamento luminoso prodotto nelle immediate vicinanze, un\u2019ampia visibilit\u00e0 e accessibilit\u00e0 legate al sistema dei flussi, un punto di vista privilegiato e aperto verso il vicino parco in costruzione e il Bosco Verticale. La riflessione rispetto alle implicazioni urbane dell\u2019installazione \u2010 un tipo di intervento che spesso \u00e8 viceversa sviluppato in maniera asettica rispetto al contesto \u2010 ribadisce il senso della visione sperimentale e innovativa perseguita da Stefano Boeri Architetti e da Edison. Prima che come forma d\u2019arte, infatti, il progetto si propone come metafora urbana e culturale in miniatura, piccola anticipazione astratta di citt\u00e0 e di civilt\u00e0 del futuro capace di dar corpo, immagine e linguaggi a quel complesso principio universale che prende il nome di \u201cenergia\u201d. Quotidianamente e ininterrottamente per i sei giorni del Fuori Salone, Lighthenge agir\u00e0 quindi come un dispositivo di regolazione delle energie urbane, capace di accendere l\u2019attenzione sui flussi che attraversiamo e ci attraversano continuamente, ma anche di offrire un paesaggio inatteso per abbandonarsi a personali momenti di stasi: quelli in cui, a volte, si volge lo sguardo verso il cielo.<\/p>\t\t\t\t\t<\/div>\n\t\t\t\t\t\t<\/div>\n\t\t\t\t<\/div>\n\t\t\t\t<div class=\"elementor-element elementor-element-2f794c68 elementor-widget elementor-widget-image\" data-id=\"2f794c68\" data-element_type=\"widget\" data-widget_type=\"image.default\">\n\t\t\t\t<div class=\"elementor-widget-container\">\n\t\t\t\t\t\t\t\t<div class=\"elementor-image\">\n\t\t\t\t\t\t\t\t\t\t\t\t\t<a href=\"https:\/\/www.stefanoboerinteriors.com\/wp-content\/uploads\/2020\/09\/sbi-projects-lightenge-assonometria.jpg\" data-elementor-open-lightbox=\"yes\" data-elementor-lightbox-title=\"sbi-projects-lightenge-assonometria\" e-action-hash=\"#elementor-action%3Aaction%3Dlightbox%26settings%3DeyJpZCI6MTEzNiwidXJsIjoiaHR0cHM6XC9cL3d3dy5zdGVmYW5vYm9lcmludGVyaW9ycy5jb21cL3dwLWNvbnRlbnRcL3VwbG9hZHNcLzIwMjBcLzA5XC9zYmktcHJvamVjdHMtbGlnaHRlbmdlLWFzc29ub21ldHJpYS5qcGcifQ%3D%3D\">\n\t\t\t\t\t\t\t<img width=\"1366\" height=\"768\" src=\"https:\/\/www.stefanoboerinteriors.com\/wp-content\/uploads\/2020\/09\/sbi-projects-lightenge-assonometria.jpg\" class=\"attachment-full size-full\" alt=\"\" loading=\"lazy\" srcset=\"https:\/\/www.stefanoboerinteriors.com\/wp-content\/uploads\/2020\/09\/sbi-projects-lightenge-assonometria.jpg 1366w, https:\/\/www.stefanoboerinteriors.com\/wp-content\/uploads\/2020\/09\/sbi-projects-lightenge-assonometria-300x169.jpg 300w, https:\/\/www.stefanoboerinteriors.com\/wp-content\/uploads\/2020\/09\/sbi-projects-lightenge-assonometria-1024x576.jpg 1024w, https:\/\/www.stefanoboerinteriors.com\/wp-content\/uploads\/2020\/09\/sbi-projects-lightenge-assonometria-768x432.jpg 768w\" sizes=\"(max-width: 1366px) 100vw, 1366px\" \/>\t\t\t\t\t\t\t\t<\/a>\n\t\t\t\t\t\t\t\t\t\t\t\t\t\t<\/div>\n\t\t\t\t\t\t<\/div>\n\t\t\t\t<\/div>\n\t\t\t\t<div class=\"elementor-element elementor-element-b1a262b elementor-widget elementor-widget-image\" data-id=\"b1a262b\" data-element_type=\"widget\" data-widget_type=\"image.default\">\n\t\t\t\t<div class=\"elementor-widget-container\">\n\t\t\t\t\t\t\t\t<div class=\"elementor-image\">\n\t\t\t\t\t\t\t\t\t\t\t\t\t<a href=\"https:\/\/www.stefanoboerinteriors.com\/wp-content\/uploads\/2020\/11\/sbi-projects-lightenge-4.jpg\" data-elementor-open-lightbox=\"yes\" data-elementor-lightbox-title=\"sbi-projects-lightenge-4\" e-action-hash=\"#elementor-action%3Aaction%3Dlightbox%26settings%3DeyJpZCI6ODEwLCJ1cmwiOiJodHRwczpcL1wvd3d3LnN0ZWZhbm9ib2VyaW50ZXJpb3JzLmNvbVwvd3AtY29udGVudFwvdXBsb2Fkc1wvMjAyMFwvMTFcL3NiaS1wcm9qZWN0cy1saWdodGVuZ2UtNC5qcGcifQ%3D%3D\">\n\t\t\t\t\t\t\t<img width=\"1366\" height=\"768\" src=\"https:\/\/www.stefanoboerinteriors.com\/wp-content\/uploads\/2020\/11\/sbi-projects-lightenge-4.jpg\" class=\"attachment-full size-full\" alt=\"\" loading=\"lazy\" srcset=\"https:\/\/www.stefanoboerinteriors.com\/wp-content\/uploads\/2020\/11\/sbi-projects-lightenge-4.jpg 1366w, https:\/\/www.stefanoboerinteriors.com\/wp-content\/uploads\/2020\/11\/sbi-projects-lightenge-4-300x169.jpg 300w, https:\/\/www.stefanoboerinteriors.com\/wp-content\/uploads\/2020\/11\/sbi-projects-lightenge-4-1024x576.jpg 1024w, https:\/\/www.stefanoboerinteriors.com\/wp-content\/uploads\/2020\/11\/sbi-projects-lightenge-4-768x432.jpg 768w\" sizes=\"(max-width: 1366px) 100vw, 1366px\" \/>\t\t\t\t\t\t\t\t<\/a>\n\t\t\t\t\t\t\t\t\t\t\t\t\t\t<\/div>\n\t\t\t\t\t\t<\/div>\n\t\t\t\t<\/div>\n\t\t\t\t<div class=\"elementor-element elementor-element-29a249b3 elementor-widget elementor-widget-image\" data-id=\"29a249b3\" data-element_type=\"widget\" data-widget_type=\"image.default\">\n\t\t\t\t<div class=\"elementor-widget-container\">\n\t\t\t\t\t\t\t\t<div class=\"elementor-image\">\n\t\t\t\t\t\t\t\t\t\t\t\t\t<a href=\"https:\/\/www.stefanoboerinteriors.com\/wp-content\/uploads\/2020\/11\/sbi-projects-lightenge-1.jpg\" data-elementor-open-lightbox=\"yes\" data-elementor-lightbox-title=\"sbi-projects-lightenge-1\" e-action-hash=\"#elementor-action%3Aaction%3Dlightbox%26settings%3DeyJpZCI6ODA0LCJ1cmwiOiJodHRwczpcL1wvd3d3LnN0ZWZhbm9ib2VyaW50ZXJpb3JzLmNvbVwvd3AtY29udGVudFwvdXBsb2Fkc1wvMjAyMFwvMTFcL3NiaS1wcm9qZWN0cy1saWdodGVuZ2UtMS5qcGcifQ%3D%3D\">\n\t\t\t\t\t\t\t<img width=\"1366\" height=\"768\" src=\"https:\/\/www.stefanoboerinteriors.com\/wp-content\/uploads\/2020\/11\/sbi-projects-lightenge-1.jpg\" class=\"attachment-full size-full\" alt=\"\" loading=\"lazy\" srcset=\"https:\/\/www.stefanoboerinteriors.com\/wp-content\/uploads\/2020\/11\/sbi-projects-lightenge-1.jpg 1366w, https:\/\/www.stefanoboerinteriors.com\/wp-content\/uploads\/2020\/11\/sbi-projects-lightenge-1-300x169.jpg 300w, https:\/\/www.stefanoboerinteriors.com\/wp-content\/uploads\/2020\/11\/sbi-projects-lightenge-1-1024x576.jpg 1024w, https:\/\/www.stefanoboerinteriors.com\/wp-content\/uploads\/2020\/11\/sbi-projects-lightenge-1-768x432.jpg 768w\" sizes=\"(max-width: 1366px) 100vw, 1366px\" \/>\t\t\t\t\t\t\t\t<\/a>\n\t\t\t\t\t\t\t\t\t\t\t\t\t\t<\/div>\n\t\t\t\t\t\t<\/div>\n\t\t\t\t<\/div>\n\t\t\t\t<div class=\"elementor-element elementor-element-12192c3a elementor-widget elementor-widget-image\" data-id=\"12192c3a\" data-element_type=\"widget\" data-widget_type=\"image.default\">\n\t\t\t\t<div class=\"elementor-widget-container\">\n\t\t\t\t\t\t\t\t<div class=\"elementor-image\">\n\t\t\t\t\t\t\t\t\t\t\t\t\t<a href=\"https:\/\/www.stefanoboerinteriors.com\/wp-content\/uploads\/2020\/11\/sbi-projects-lightenge-2.jpg\" data-elementor-open-lightbox=\"yes\" data-elementor-lightbox-title=\"sbi-projects-lightenge-2\" e-action-hash=\"#elementor-action%3Aaction%3Dlightbox%26settings%3DeyJpZCI6ODA2LCJ1cmwiOiJodHRwczpcL1wvd3d3LnN0ZWZhbm9ib2VyaW50ZXJpb3JzLmNvbVwvd3AtY29udGVudFwvdXBsb2Fkc1wvMjAyMFwvMTFcL3NiaS1wcm9qZWN0cy1saWdodGVuZ2UtMi5qcGcifQ%3D%3D\">\n\t\t\t\t\t\t\t<img width=\"1366\" height=\"768\" src=\"https:\/\/www.stefanoboerinteriors.com\/wp-content\/uploads\/2020\/11\/sbi-projects-lightenge-2.jpg\" class=\"attachment-full size-full\" alt=\"\" loading=\"lazy\" srcset=\"https:\/\/www.stefanoboerinteriors.com\/wp-content\/uploads\/2020\/11\/sbi-projects-lightenge-2.jpg 1366w, https:\/\/www.stefanoboerinteriors.com\/wp-content\/uploads\/2020\/11\/sbi-projects-lightenge-2-300x169.jpg 300w, https:\/\/www.stefanoboerinteriors.com\/wp-content\/uploads\/2020\/11\/sbi-projects-lightenge-2-1024x576.jpg 1024w, https:\/\/www.stefanoboerinteriors.com\/wp-content\/uploads\/2020\/11\/sbi-projects-lightenge-2-768x432.jpg 768w\" sizes=\"(max-width: 1366px) 100vw, 1366px\" \/>\t\t\t\t\t\t\t\t<\/a>\n\t\t\t\t\t\t\t\t\t\t\t\t\t\t<\/div>\n\t\t\t\t\t\t<\/div>\n\t\t\t\t<\/div>\n\t\t\t\t<div class=\"elementor-element elementor-element-70101a1f elementor-widget elementor-widget-image\" data-id=\"70101a1f\" data-element_type=\"widget\" data-widget_type=\"image.default\">\n\t\t\t\t<div class=\"elementor-widget-container\">\n\t\t\t\t\t\t\t\t<div class=\"elementor-image\">\n\t\t\t\t\t\t\t\t\t\t\t\t\t<a href=\"https:\/\/www.stefanoboerinteriors.com\/wp-content\/uploads\/2020\/11\/sbi-projects-lightenge-3.jpg\" data-elementor-open-lightbox=\"yes\" data-elementor-lightbox-title=\"sbi-projects-lightenge-3\" e-action-hash=\"#elementor-action%3Aaction%3Dlightbox%26settings%3DeyJpZCI6ODA4LCJ1cmwiOiJodHRwczpcL1wvd3d3LnN0ZWZhbm9ib2VyaW50ZXJpb3JzLmNvbVwvd3AtY29udGVudFwvdXBsb2Fkc1wvMjAyMFwvMTFcL3NiaS1wcm9qZWN0cy1saWdodGVuZ2UtMy5qcGcifQ%3D%3D\">\n\t\t\t\t\t\t\t<img width=\"768\" height=\"1366\" src=\"https:\/\/www.stefanoboerinteriors.com\/wp-content\/uploads\/2020\/11\/sbi-projects-lightenge-3.jpg\" class=\"attachment-full size-full\" alt=\"\" loading=\"lazy\" srcset=\"https:\/\/www.stefanoboerinteriors.com\/wp-content\/uploads\/2020\/11\/sbi-projects-lightenge-3.jpg 768w, https:\/\/www.stefanoboerinteriors.com\/wp-content\/uploads\/2020\/11\/sbi-projects-lightenge-3-169x300.jpg 169w, https:\/\/www.stefanoboerinteriors.com\/wp-content\/uploads\/2020\/11\/sbi-projects-lightenge-3-576x1024.jpg 576w\" sizes=\"(max-width: 768px) 100vw, 768px\" \/>\t\t\t\t\t\t\t\t<\/a>\n\t\t\t\t\t\t\t\t\t\t\t\t\t\t<\/div>\n\t\t\t\t\t\t<\/div>\n\t\t\t\t<\/div>\n\t\t\t\t<div class=\"elementor-element elementor-element-796e20b9 elementor-widget elementor-widget-image\" data-id=\"796e20b9\" data-element_type=\"widget\" data-widget_type=\"image.default\">\n\t\t\t\t<div class=\"elementor-widget-container\">\n\t\t\t\t\t\t\t\t<div class=\"elementor-image\">\n\t\t\t\t\t\t\t\t\t\t\t\t\t<a href=\"https:\/\/www.stefanoboerinteriors.com\/wp-content\/uploads\/2020\/11\/sbi-projects-lightenge-preview.jpg\" data-elementor-open-lightbox=\"yes\" data-elementor-lightbox-title=\"sbi-projects-lightenge-preview\" e-action-hash=\"#elementor-action%3Aaction%3Dlightbox%26settings%3DeyJpZCI6ODE2LCJ1cmwiOiJodHRwczpcL1wvd3d3LnN0ZWZhbm9ib2VyaW50ZXJpb3JzLmNvbVwvd3AtY29udGVudFwvdXBsb2Fkc1wvMjAyMFwvMTFcL3NiaS1wcm9qZWN0cy1saWdodGVuZ2UtcHJldmlldy5qcGcifQ%3D%3D\">\n\t\t\t\t\t\t\t<img width=\"1366\" height=\"768\" src=\"https:\/\/www.stefanoboerinteriors.com\/wp-content\/uploads\/2020\/11\/sbi-projects-lightenge-preview.jpg\" class=\"attachment-full size-full\" alt=\"\" loading=\"lazy\" srcset=\"https:\/\/www.stefanoboerinteriors.com\/wp-content\/uploads\/2020\/11\/sbi-projects-lightenge-preview.jpg 1366w, https:\/\/www.stefanoboerinteriors.com\/wp-content\/uploads\/2020\/11\/sbi-projects-lightenge-preview-300x169.jpg 300w, https:\/\/www.stefanoboerinteriors.com\/wp-content\/uploads\/2020\/11\/sbi-projects-lightenge-preview-1024x576.jpg 1024w, https:\/\/www.stefanoboerinteriors.com\/wp-content\/uploads\/2020\/11\/sbi-projects-lightenge-preview-768x432.jpg 768w\" sizes=\"(max-width: 1366px) 100vw, 1366px\" \/>\t\t\t\t\t\t\t\t<\/a>\n\t\t\t\t\t\t\t\t\t\t\t\t\t\t<\/div>\n\t\t\t\t\t\t<\/div>\n\t\t\t\t<\/div>\n\t\t\t\t<div class=\"elementor-element elementor-element-62f2ffca elementor-widget elementor-widget-text-editor\" data-id=\"62f2ffca\" data-element_type=\"widget\" data-widget_type=\"text-editor.default\">\n\t\t\t\t<div class=\"elementor-widget-container\">\n\t\t\t\t\t\t\t\t<div class=\"elementor-text-editor elementor-clearfix\">\n\t\t\t\t<p><strong>Progetto<\/strong>: <a href=\"https:\/\/www.stefanoboeriarchitetti.net\/\" target=\"_blank\" rel=\"noopener\">Stefano Boeri Architetti<\/a><br \/><strong>Cliente<\/strong>: <a href=\"https:\/\/www.edison.it\/it\" target=\"_blank\" rel=\"noopener\">Edison<\/a><br \/><strong>Luogo<\/strong>: <a href=\"https:\/\/www.salonemilano.it\/\" target=\"_blank\" rel=\"noopener\">Salone del Mobile.Milano<\/a><br \/><strong>Foto<\/strong>: Jiang Guoyin<br \/><strong>Video<\/strong>: <a href=\"https:\/\/www.edison.it\/it\" target=\"_blank\" rel=\"noopener\">Edison<\/a><br \/><strong>Anno<\/strong>: 2018<\/p>\t\t\t\t\t<\/div>\n\t\t\t\t\t\t<\/div>\n\t\t\t\t<\/div>\n\t\t\t\t\t\t<\/div>\n\t\t\t\t\t<\/div>\n\t\t<\/div>\n\t\t\t\t\t\t\t\t<\/div>\n\t\t\t\t\t<\/div>\n\t\t<\/section>\n\t\t\t\t\t\t\t\t\t<\/div>\n\t\t\t<\/div>\n\t\t\t\t\t<\/div>\n\t\t","protected":false},"featured_media":816,"template":"","meta":{"site-sidebar-layout":"no-sidebar","site-content-layout":"page-builder","ast-global-header-display":"","ast-main-header-display":"","ast-hfb-above-header-display":"","ast-hfb-below-header-display":"","ast-hfb-mobile-header-display":"","site-post-title":"disabled","ast-breadcrumbs-content":"","ast-featured-img":"disabled","footer-sml-layout":"","theme-transparent-header-meta":"default","adv-header-id-meta":"","stick-header-meta":"default","header-above-stick-meta":"","header-main-stick-meta":"","header-below-stick-meta":""},"astra-portfolio-categories":[],"astra-portfolio-other-categories":[],"astra-portfolio-tags":[],"astra-site-call-to-action":"","astra-site-open-in-new-tab":"0","astra-site-open-portfolio-in":"new-tab","astra-site-url":"","thumbnail-image-url":null,"thumbnail-image-meta":{"alt":"","title":""},"lightbox-image-url":null,"portfolio-type":"iframe","portfolio-video-url":"","request_time":0.21817493438720703,"yoast_head":"<!-- This site is optimized with the Yoast SEO plugin v19.3 - https:\/\/yoast.com\/wordpress\/plugins\/seo\/ -->\n<title>Lightenge | Stefano Boeri Interiors<\/title>\n<meta name=\"robots\" content=\"index, follow, max-snippet:-1, max-image-preview:large, max-video-preview:-1\" \/>\n<link rel=\"canonical\" href=\"https:\/\/www.stefanoboerinteriors.com\/it\/project\/lightenge\/\" \/>\n<meta property=\"og:locale\" content=\"it_IT\" \/>\n<meta property=\"og:type\" content=\"article\" \/>\n<meta property=\"og:title\" content=\"Lightenge | Stefano Boeri Interiors\" \/>\n<meta property=\"og:description\" content=\"Lightenge Un raggio italiano nel cielo dell\u2019energia globale. Ideata da Stefano Boeri Architetti per Edison in occasione del Salone del Mobile di Milano 2018 e allestita in piazza Gae Aulenti, Lighthenge \u00e8 un\u2019installazione urbana di luce che rende visibile, scenografica e condivisibile l\u2019idea di energia e le sue vaste implicazioni nelle culture e nelle societ\u00e0 &hellip; Lightenge Leggi tutto \u00bb\" \/>\n<meta property=\"og:url\" content=\"https:\/\/www.stefanoboerinteriors.com\/it\/project\/lightenge\/\" \/>\n<meta property=\"og:site_name\" content=\"Stefano Boeri Interiors\" \/>\n<meta property=\"article:modified_time\" content=\"2021-02-23T16:54:33+00:00\" \/>\n<meta property=\"og:image\" content=\"https:\/\/www.stefanoboerinteriors.com\/wp-content\/uploads\/2020\/11\/sbi-projects-lightenge-preview.jpg\" \/>\n\t<meta property=\"og:image:width\" content=\"1366\" \/>\n\t<meta property=\"og:image:height\" content=\"768\" \/>\n\t<meta property=\"og:image:type\" content=\"image\/jpeg\" \/>\n<meta name=\"twitter:card\" content=\"summary_large_image\" \/>\n<meta name=\"twitter:label1\" content=\"Tempo di lettura stimato\" \/>\n\t<meta name=\"twitter:data1\" content=\"4 minuti\" \/>\n<script type=\"application\/ld+json\" class=\"yoast-schema-graph\">{\"@context\":\"https:\/\/schema.org\",\"@graph\":[{\"@type\":\"Organization\",\"@id\":\"https:\/\/www.stefanoboerinteriors.com\/#organization\",\"name\":\"Stefano Boeri Interiors\",\"url\":\"https:\/\/www.stefanoboerinteriors.com\/\",\"sameAs\":[],\"logo\":{\"@type\":\"ImageObject\",\"inLanguage\":\"it-IT\",\"@id\":\"https:\/\/www.stefanoboerinteriors.com\/#\/schema\/logo\/image\/\",\"url\":\"https:\/\/www.stefanoboerinteriors.com\/wp-content\/uploads\/2020\/09\/logo-sbi-black.png\",\"contentUrl\":\"https:\/\/www.stefanoboerinteriors.com\/wp-content\/uploads\/2020\/09\/logo-sbi-black.png\",\"width\":785,\"height\":721,\"caption\":\"Stefano Boeri Interiors\"},\"image\":{\"@id\":\"https:\/\/www.stefanoboerinteriors.com\/#\/schema\/logo\/image\/\"}},{\"@type\":\"WebSite\",\"@id\":\"https:\/\/www.stefanoboerinteriors.com\/#website\",\"url\":\"https:\/\/www.stefanoboerinteriors.com\/\",\"name\":\"Stefano Boeri Interiors\",\"description\":\"\",\"publisher\":{\"@id\":\"https:\/\/www.stefanoboerinteriors.com\/#organization\"},\"potentialAction\":[{\"@type\":\"SearchAction\",\"target\":{\"@type\":\"EntryPoint\",\"urlTemplate\":\"https:\/\/www.stefanoboerinteriors.com\/?s={search_term_string}\"},\"query-input\":\"required name=search_term_string\"}],\"inLanguage\":\"it-IT\"},{\"@type\":\"ImageObject\",\"inLanguage\":\"it-IT\",\"@id\":\"https:\/\/www.stefanoboerinteriors.com\/it\/project\/lightenge\/#primaryimage\",\"url\":\"https:\/\/www.stefanoboerinteriors.com\/wp-content\/uploads\/2020\/11\/sbi-projects-lightenge-preview.jpg\",\"contentUrl\":\"https:\/\/www.stefanoboerinteriors.com\/wp-content\/uploads\/2020\/11\/sbi-projects-lightenge-preview.jpg\",\"width\":1366,\"height\":768},{\"@type\":\"WebPage\",\"@id\":\"https:\/\/www.stefanoboerinteriors.com\/it\/project\/lightenge\/\",\"url\":\"https:\/\/www.stefanoboerinteriors.com\/it\/project\/lightenge\/\",\"name\":\"Lightenge | Stefano Boeri Interiors\",\"isPartOf\":{\"@id\":\"https:\/\/www.stefanoboerinteriors.com\/#website\"},\"primaryImageOfPage\":{\"@id\":\"https:\/\/www.stefanoboerinteriors.com\/it\/project\/lightenge\/#primaryimage\"},\"datePublished\":\"2021-02-05T15:36:31+00:00\",\"dateModified\":\"2021-02-23T16:54:33+00:00\",\"breadcrumb\":{\"@id\":\"https:\/\/www.stefanoboerinteriors.com\/it\/project\/lightenge\/#breadcrumb\"},\"inLanguage\":\"it-IT\",\"potentialAction\":[{\"@type\":\"ReadAction\",\"target\":[\"https:\/\/www.stefanoboerinteriors.com\/it\/project\/lightenge\/\"]}]},{\"@type\":\"BreadcrumbList\",\"@id\":\"https:\/\/www.stefanoboerinteriors.com\/it\/project\/lightenge\/#breadcrumb\",\"itemListElement\":[{\"@type\":\"ListItem\",\"position\":1,\"name\":\"Home\",\"item\":\"https:\/\/www.stefanoboerinteriors.com\/it\/\"},{\"@type\":\"ListItem\",\"position\":2,\"name\":\"Portfolio\",\"item\":\"https:\/\/www.stefanoboerinteriors.com\/it\/project\/\"},{\"@type\":\"ListItem\",\"position\":3,\"name\":\"Lightenge\"}]}]}<\/script>\n<!-- \/ Yoast SEO plugin. -->","yoast_head_json":{"title":"Lightenge | Stefano Boeri Interiors","robots":{"index":"index","follow":"follow","max-snippet":"max-snippet:-1","max-image-preview":"max-image-preview:large","max-video-preview":"max-video-preview:-1"},"canonical":"https:\/\/www.stefanoboerinteriors.com\/it\/project\/lightenge\/","og_locale":"it_IT","og_type":"article","og_title":"Lightenge | Stefano Boeri Interiors","og_description":"Lightenge Un raggio italiano nel cielo dell\u2019energia globale. Ideata da Stefano Boeri Architetti per Edison in occasione del Salone del Mobile di Milano 2018 e allestita in piazza Gae Aulenti, Lighthenge \u00e8 un\u2019installazione urbana di luce che rende visibile, scenografica e condivisibile l\u2019idea di energia e le sue vaste implicazioni nelle culture e nelle societ\u00e0 &hellip; Lightenge Leggi tutto \u00bb","og_url":"https:\/\/www.stefanoboerinteriors.com\/it\/project\/lightenge\/","og_site_name":"Stefano Boeri Interiors","article_modified_time":"2021-02-23T16:54:33+00:00","og_image":[{"width":1366,"height":768,"url":"https:\/\/www.stefanoboerinteriors.com\/wp-content\/uploads\/2020\/11\/sbi-projects-lightenge-preview.jpg","type":"image\/jpeg"}],"twitter_card":"summary_large_image","twitter_misc":{"Tempo di lettura stimato":"4 minuti"},"schema":{"@context":"https:\/\/schema.org","@graph":[{"@type":"Organization","@id":"https:\/\/www.stefanoboerinteriors.com\/#organization","name":"Stefano Boeri Interiors","url":"https:\/\/www.stefanoboerinteriors.com\/","sameAs":[],"logo":{"@type":"ImageObject","inLanguage":"it-IT","@id":"https:\/\/www.stefanoboerinteriors.com\/#\/schema\/logo\/image\/","url":"https:\/\/www.stefanoboerinteriors.com\/wp-content\/uploads\/2020\/09\/logo-sbi-black.png","contentUrl":"https:\/\/www.stefanoboerinteriors.com\/wp-content\/uploads\/2020\/09\/logo-sbi-black.png","width":785,"height":721,"caption":"Stefano Boeri Interiors"},"image":{"@id":"https:\/\/www.stefanoboerinteriors.com\/#\/schema\/logo\/image\/"}},{"@type":"WebSite","@id":"https:\/\/www.stefanoboerinteriors.com\/#website","url":"https:\/\/www.stefanoboerinteriors.com\/","name":"Stefano Boeri Interiors","description":"","publisher":{"@id":"https:\/\/www.stefanoboerinteriors.com\/#organization"},"potentialAction":[{"@type":"SearchAction","target":{"@type":"EntryPoint","urlTemplate":"https:\/\/www.stefanoboerinteriors.com\/?s={search_term_string}"},"query-input":"required name=search_term_string"}],"inLanguage":"it-IT"},{"@type":"ImageObject","inLanguage":"it-IT","@id":"https:\/\/www.stefanoboerinteriors.com\/it\/project\/lightenge\/#primaryimage","url":"https:\/\/www.stefanoboerinteriors.com\/wp-content\/uploads\/2020\/11\/sbi-projects-lightenge-preview.jpg","contentUrl":"https:\/\/www.stefanoboerinteriors.com\/wp-content\/uploads\/2020\/11\/sbi-projects-lightenge-preview.jpg","width":1366,"height":768},{"@type":"WebPage","@id":"https:\/\/www.stefanoboerinteriors.com\/it\/project\/lightenge\/","url":"https:\/\/www.stefanoboerinteriors.com\/it\/project\/lightenge\/","name":"Lightenge | Stefano Boeri Interiors","isPartOf":{"@id":"https:\/\/www.stefanoboerinteriors.com\/#website"},"primaryImageOfPage":{"@id":"https:\/\/www.stefanoboerinteriors.com\/it\/project\/lightenge\/#primaryimage"},"datePublished":"2021-02-05T15:36:31+00:00","dateModified":"2021-02-23T16:54:33+00:00","breadcrumb":{"@id":"https:\/\/www.stefanoboerinteriors.com\/it\/project\/lightenge\/#breadcrumb"},"inLanguage":"it-IT","potentialAction":[{"@type":"ReadAction","target":["https:\/\/www.stefanoboerinteriors.com\/it\/project\/lightenge\/"]}]},{"@type":"BreadcrumbList","@id":"https:\/\/www.stefanoboerinteriors.com\/it\/project\/lightenge\/#breadcrumb","itemListElement":[{"@type":"ListItem","position":1,"name":"Home","item":"https:\/\/www.stefanoboerinteriors.com\/it\/"},{"@type":"ListItem","position":2,"name":"Portfolio","item":"https:\/\/www.stefanoboerinteriors.com\/it\/project\/"},{"@type":"ListItem","position":3,"name":"Lightenge"}]}]}},"_links":{"self":[{"href":"https:\/\/www.stefanoboerinteriors.com\/it\/wp-json\/wp\/v2\/astra-portfolio\/1611"}],"collection":[{"href":"https:\/\/www.stefanoboerinteriors.com\/it\/wp-json\/wp\/v2\/astra-portfolio"}],"about":[{"href":"https:\/\/www.stefanoboerinteriors.com\/it\/wp-json\/wp\/v2\/types\/astra-portfolio"}],"version-history":[{"count":7,"href":"https:\/\/www.stefanoboerinteriors.com\/it\/wp-json\/wp\/v2\/astra-portfolio\/1611\/revisions"}],"predecessor-version":[{"id":1750,"href":"https:\/\/www.stefanoboerinteriors.com\/it\/wp-json\/wp\/v2\/astra-portfolio\/1611\/revisions\/1750"}],"wp:featuredmedia":[{"embeddable":true,"href":"https:\/\/www.stefanoboerinteriors.com\/it\/wp-json\/wp\/v2\/media\/816"}],"wp:attachment":[{"href":"https:\/\/www.stefanoboerinteriors.com\/it\/wp-json\/wp\/v2\/media?parent=1611"}],"wp:term":[{"taxonomy":"astra-portfolio-categories","embeddable":true,"href":"https:\/\/www.stefanoboerinteriors.com\/it\/wp-json\/wp\/v2\/astra-portfolio-categories?post=1611"},{"taxonomy":"astra-portfolio-other-categories","embeddable":true,"href":"https:\/\/www.stefanoboerinteriors.com\/it\/wp-json\/wp\/v2\/astra-portfolio-other-categories?post=1611"},{"taxonomy":"astra-portfolio-tags","embeddable":true,"href":"https:\/\/www.stefanoboerinteriors.com\/it\/wp-json\/wp\/v2\/astra-portfolio-tags?post=1611"}],"curies":[{"name":"wp","href":"https:\/\/api.w.org\/{rel}","templated":true}]}}